{"id":765,"date":"2021-05-10T15:23:42","date_gmt":"2021-05-10T14:23:42","guid":{"rendered":"http:\/\/albeautour.asso.st\/?page_id=765"},"modified":"2021-05-11T13:16:35","modified_gmt":"2021-05-11T12:16:35","slug":"partenaires","status":"publish","type":"page","link":"https:\/\/albeautour.asso.st\/index.php\/partenaires\/","title":{"rendered":"Partenaires"},"content":{"rendered":"\n<p><strong>Livrets d&rsquo;accueil 2021\/2022 <\/strong>pour les familles arrivant \u00e0 l&rsquo;\u00e9cole (et pour les autres aussi, bien s\u00fbr !) :<\/p>\n\n\n\n<div class=\"wp-block-media-text alignwide is-stacked-on-mobile\" style=\"grid-template-columns:16% auto\"><figure class=\"wp-block-media-text__media\"><img loading=\"lazy\" decoding=\"async\" width=\"509\" height=\"521\" src=\"http:\/\/albeautour.asso.st\/wp-content\/uploads\/2021\/05\/Livret-d-accueil.jpg\" alt=\"\" class=\"wp-image-780 size-full\"\/><\/figure><div class=\"wp-block-media-text__content\">\n<p><a href=\"https:\/\/drive.google.com\/file\/d\/1jojExnWLcpoIChKVxWP8s8rovviFg7NQ\/view?usp=sharing\" target=\"_blank\" rel=\"noreferrer noopener\">Maternelle<\/a><\/p>\n\n\n\n<p><a rel=\"noreferrer noopener\" href=\"https:\/\/drive.google.com\/file\/d\/1P1w_kUBeaK28tK1hHCPgu75kg1vQn_2T\/view?usp=sharing\" target=\"_blank\">\u00c9l\u00e9me<\/a><a href=\"https:\/\/drive.google.com\/file\/d\/1P1w_kUBeaK28tK1hHCPgu75kg1vQn_2T\/view?usp=sharing\" target=\"_blank\" rel=\"noreferrer noopener\">ntaire<\/a><\/p>\n<\/div><\/div>\n\n\n\n<p><strong><span style=\"color:#cdd1d3\" class=\"has-inline-color\">__________________________________________________________________________________<\/span><\/strong><\/p>\n\n\n\n<div class=\"wp-block-media-text alignwide is-stacked-on-mobile is-vertically-aligned-top\" style=\"grid-template-columns:15% auto\"><figure class=\"wp-block-media-text__media\"><a href=\"http:\/\/www.vertou.fr\/fr\/information\/79007\/temps-scolaire\" target=\"_blank\" rel=\"noopener\"><img loading=\"lazy\" decoding=\"async\" width=\"91\" height=\"90\" src=\"http:\/\/albeautour.asso.st\/wp-content\/uploads\/2021\/05\/Logo-Vertou.png\" alt=\"\" class=\"wp-image-773 size-full\"\/><\/a><\/figure><div class=\"wp-block-media-text__content\">\n<p><a href=\"http:\/\/www.vertou.fr\/fr\/information\/79007\/temps-scolaire\" target=\"_blank\" rel=\"noreferrer noopener\">Ressources Mairie<\/a><\/p>\n<\/div><\/div>\n\n\n\n<p><strong><span style=\"color:#cdd1d3\" class=\"has-inline-color\">__________________________________________________________________________________<\/span><\/strong><\/p>\n\n\n\n<div class=\"wp-block-media-text alignwide is-stacked-on-mobile is-vertically-aligned-top\" style=\"grid-template-columns:15% auto\"><figure class=\"wp-block-media-text__media\"><a href=\"https:\/\/vertou.wixsite.com\/fcpevertou\" target=\"_blank\" rel=\"noopener\"><img loading=\"lazy\" decoding=\"async\" width=\"4215\" height=\"3995\" src=\"http:\/\/albeautour.asso.st\/wp-content\/uploads\/2021\/05\/logo-fcpe.jpg\" alt=\"\" class=\"wp-image-774 size-full\"\/><\/a><\/figure><div class=\"wp-block-media-text__content\">\n<p><a rel=\"noreferrer noopener\" href=\"https:\/\/vertou.wixsite.com\/fcpevertou\" target=\"_blank\">Ressources FCPE Vertou<\/a><\/p>\n<\/div><\/div>\n","protected":false},"excerpt":{"rendered":"<p>Livrets d&rsquo;accueil 2021\/2022 pour les familles arrivant \u00e0 l&rsquo;\u00e9cole (et pour les autres aussi, bien s\u00fbr !) : Maternelle \u00c9l\u00e9mentaire __________________________________________________________________________________ Ressources Mairie __________________________________________________________________________________ Ressources FCPE Vertou<\/p>\n","protected":false},"author":1,"featured_media":0,"parent":0,"menu_order":0,"comment_status":"closed","ping_status":"closed","template":"","meta":{"footnotes":""},"class_list":["post-765","page","type-page","status-publish","hentry"],"_links":{"self":[{"href":"https:\/\/albeautour.asso.st\/index.php\/wp-json\/wp\/v2\/pages\/765","targetHints":{"allow":["GET"]}}],"collection":[{"href":"https:\/\/albeautour.asso.st\/index.php\/wp-json\/wp\/v2\/pages"}],"about":[{"href":"https:\/\/albeautour.asso.st\/index.php\/wp-json\/wp\/v2\/types\/page"}],"author":[{"embeddable":true,"href":"https:\/\/albeautour.asso.st\/index.php\/wp-json\/wp\/v2\/users\/1"}],"replies":[{"embeddable":true,"href":"https:\/\/albeautour.asso.st\/index.php\/wp-json\/wp\/v2\/comments?post=765"}],"version-history":[{"count":15,"href":"https:\/\/albeautour.asso.st\/index.php\/wp-json\/wp\/v2\/pages\/765\/revisions"}],"predecessor-version":[{"id":786,"href":"https:\/\/albeautour.asso.st\/index.php\/wp-json\/wp\/v2\/pages\/765\/revisions\/786"}],"wp:attachment":[{"href":"https:\/\/albeautour.asso.st\/index.php\/wp-json\/wp\/v2\/media?parent=765"}],"curies":[{"name":"wp","href":"https:\/\/api.w.org\/{rel}","templated":true}]}}