{"id":37,"date":"2015-11-01T16:33:04","date_gmt":"2015-11-01T15:33:04","guid":{"rendered":"http:\/\/localhost\/albeautour\/?page_id=37"},"modified":"2025-10-09T20:44:08","modified_gmt":"2025-10-09T19:44:08","slug":"fetes-des-ecoles","status":"publish","type":"page","link":"https:\/\/albeautour.asso.st\/index.php\/nos-evenements\/fetes-des-ecoles\/","title":{"rendered":"F\u00eate des \u00e9coles"},"content":{"rendered":"\n<h5 class=\"wp-block-heading has-text-align-center\"><span style=\"color: #800080;\">F\u00eate des \u00e9coles maternelle et \u00e9l\u00e9mentaire<\/span><\/h5>\n\n\n\n<h4 class=\"wp-block-heading has-text-align-center\"><strong><span style=\"color: #800080;\">Samedi 27 juin 2026<\/span><\/strong><\/h4>\n\n\n\n<p class=\"has-text-align-center\">Venez d\u00e9couvrir les <span style=\"color: #0000ff;\"><strong>spectacles<\/strong> <\/span>organis\u00e9s par les enfants et l&rsquo;\u00e9quipe enseignante<\/p>\n\n\n\n<p class=\"has-text-align-center\">ainsi que tous vos <span style=\"color: #008000;\"><strong>stands <\/strong><\/span>pr\u00e9f\u00e9r\u00e9s : les structures gonflables, la p\u00eache \u00e0 la ligne et aux canards, le tir \u00e0 l&rsquo;arc ou aux fl\u00e9chettes, le maquillage, le tir aux pigeons&#8230;<\/p>\n\n\n\n<p class=\"has-text-align-center\"><span style=\"color: #ff6600;\"><strong>Possibilit\u00e9 de d\u00e9jeuner<\/strong> <\/span>sur place entre le spectacle maternelle et \u00e9l\u00e9mentaire : Des tables seront disponibles, le bar sera ouvert.<\/p>\n\n\n\n<p class=\"has-text-align-center\"><span style=\"color: #800080;\">Une belle journ\u00e9e \u00e0 ne pas manquer pour terminer l&rsquo;ann\u00e9e scolaire dans la bonne humeur !<\/span><\/p>\n","protected":false},"excerpt":{"rendered":"<p>F\u00eate des \u00e9coles maternelle et \u00e9l\u00e9mentaire Samedi 27 juin 2026 Venez d\u00e9couvrir les spectacles organis\u00e9s par les enfants et l&rsquo;\u00e9quipe enseignante ainsi que tous vos stands pr\u00e9f\u00e9r\u00e9s : les structures gonflables, la p\u00eache \u00e0 la ligne et aux canards, le&#8230; <a class=\"more-link\" href=\"https:\/\/albeautour.asso.st\/index.php\/nos-evenements\/fetes-des-ecoles\/\">Continue Reading &rarr;<\/a><\/p>\n","protected":false},"author":1,"featured_media":239,"parent":23,"menu_order":0,"comment_status":"closed","ping_status":"closed","template":"","meta":{"footnotes":""},"class_list":["post-37","page","type-page","status-publish","has-post-thumbnail","hentry"],"_links":{"self":[{"href":"https:\/\/albeautour.asso.st\/index.php\/wp-json\/wp\/v2\/pages\/37","targetHints":{"allow":["GET"]}}],"collection":[{"href":"https:\/\/albeautour.asso.st\/index.php\/wp-json\/wp\/v2\/pages"}],"about":[{"href":"https:\/\/albeautour.asso.st\/index.php\/wp-json\/wp\/v2\/types\/page"}],"author":[{"embeddable":true,"href":"https:\/\/albeautour.asso.st\/index.php\/wp-json\/wp\/v2\/users\/1"}],"replies":[{"embeddable":true,"href":"https:\/\/albeautour.asso.st\/index.php\/wp-json\/wp\/v2\/comments?post=37"}],"version-history":[{"count":19,"href":"https:\/\/albeautour.asso.st\/index.php\/wp-json\/wp\/v2\/pages\/37\/revisions"}],"predecessor-version":[{"id":1254,"href":"https:\/\/albeautour.asso.st\/index.php\/wp-json\/wp\/v2\/pages\/37\/revisions\/1254"}],"up":[{"embeddable":true,"href":"https:\/\/albeautour.asso.st\/index.php\/wp-json\/wp\/v2\/pages\/23"}],"wp:featuredmedia":[{"embeddable":true,"href":"https:\/\/albeautour.asso.st\/index.php\/wp-json\/wp\/v2\/media\/239"}],"wp:attachment":[{"href":"https:\/\/albeautour.asso.st\/index.php\/wp-json\/wp\/v2\/media?parent=37"}],"curies":[{"name":"wp","href":"https:\/\/api.w.org\/{rel}","templated":true}]}}